{"id":53932,"date":"2026-04-24T16:27:50","date_gmt":"2026-04-24T14:27:50","guid":{"rendered":"https:\/\/ibisunset.com\/property\/tu-refugio-cerca-del-mar-luminoso-apartamento-con-terraza-en-guardamar\/"},"modified":"2026-04-25T12:52:33","modified_gmt":"2026-04-25T10:52:33","slug":"tu-refugio-cerca-del-mar-luminoso-apartamento-con-terraza-en-guardamar","status":"publish","type":"property","link":"https:\/\/ibisunset.com\/de\/property\/tu-refugio-cerca-del-mar-luminoso-apartamento-con-terraza-en-guardamar\/","title":{"rendered":"IHRE OASE IN MEERESN\u00c4HE: HELLE WOHNUNG MIT TERRASSE IN GUARDAMAR"},"content":{"rendered":"\n<p>Diese charmante und gepflegte 1-Zimmer-Wohnung eignet sich ideal sowohl als Feriendomizil als auch f\u00fcr das ganzj\u00e4hrige Wohnen und befindet sich nur 350 Meter vom Strand entfernt.<\/p>\n\n\n\n<p>Die Immobilie verf\u00fcgt \u00fcber 53 m\u00b2 bebaute Fl\u00e4che, die funktional und komfortabel aufgeteilt sind. Sie bietet ein gro\u00dfz\u00fcgiges und helles Wohn-Esszimmer mit direktem Zugang zu einer angenehmen, nach Osten ausgerichteten Terrasse \u2013 ideal, um die Morgensonne und den freien Ausblick zu genie\u00dfen. Die offene K\u00fcche im amerikanischen Stil ist vollst\u00e4ndig in den Wohnbereich integriert und sorgt f\u00fcr ein modernes und gro\u00dfz\u00fcgiges Raumgef\u00fchl.<\/p>\n\n\n\n<p>Das Hauptschlafzimmer ist ger\u00e4umig und mit einem Einbauschrank ausgestattet. Das vollst\u00e4ndige Badezimmer verf\u00fcgt \u00fcber eine Dusche.<\/p>\n\n\n\n<p>Die Wohnung befindet sich im zweiten Obergeschoss einer ruhigen und gepflegten Wohnanlage mit Aufzug, umgeben von Gr\u00fcnfl\u00e4chen, Dienstleistungen und in unmittelbarer N\u00e4he zum Meer sowie zu Naturgebieten \u2013 eine \u00e4u\u00dferst attraktive Lage.<\/p>\n\n\n\n<p>Die Immobilie wird in ausgezeichnetem Zustand verkauft, bezugsfertig, mit Klimaanlage ausgestattet und teilweise m\u00f6bliert. Zus\u00e4tzlich geh\u00f6rt ein praktischer, separater Abstellraum von 7 m\u00b2 im Untergeschoss des Geb\u00e4udes dazu.<\/p>\n\n\n\n<p>Ausstattung: 1 ger\u00e4umiges Schlafzimmer, 1 Badezimmer mit Dusche, 53 m\u00b2 bebaute Fl\u00e4che, offene K\u00fcche, nach Osten ausgerichtete Terrasse, zweite Etage mit Aufzug, Klimaanlage, Abstellraum (7 m\u00b2), Baujahr 2000 und sehr guter Zustand.<\/p>\n\n\n\n<p>Zur Lage: 350 Meter zum Strand, 250 Meter zu Freizeit- und Dienstleistungsangeboten, 30 km zum Flughafen und 15 km zu Golfpl\u00e4tzen.<\/p>\n\n\n\n<p>Gelegen in Guardamar del Segura (Alicante, Costa Blanca), einer privilegierten Gegend, bekannt f\u00fcr ihre weitl\u00e4ufigen, feinen Sandstr\u00e4nde \u2013 die zu den besten der Region z\u00e4hlen \u2013 sowie f\u00fcr den beeindruckenden D\u00fcnen-Naturpark, ein gesch\u00fctztes Gebiet, ideal zum Spazierengehen, Sport treiben oder einfach zum Genie\u00dfen der Natur am Meer. Eine einzigartige Umgebung, die Ruhe, Lebensqualit\u00e4t und alle notwendigen Dienstleistungen vereint.<\/p>\n","protected":false},"excerpt":{"rendered":"<p>Diese charmante und gepflegte 1-Zimmer-Wohnung eignet sich ideal sowohl als Feriendomizil als auch f\u00fcr das ganzj\u00e4hrige Wohnen und befindet sich nur 350 Meter vom Strand entfernt. Die Immobilie verf\u00fcgt \u00fcber 53 m\u00b2 bebaute Fl\u00e4che, die funktional und komfortabel aufgeteilt sind. Sie bietet ein gro\u00dfz\u00fcgiges und helles Wohn-Esszimmer mit direktem Zugang zu einer angenehmen, nach Osten [&hellip;]<\/p>\n","protected":false},"author":8,"featured_media":53933,"parent":0,"menu_order":0,"template":"","property_type":[239],"property_status":[],"property_feature":[264,240,241,205,207,203,208],"property_label":[212],"property_state":[],"property_city":[389],"property_area":[],"class_list":["post-53932","property","type-property","status-publish","has-post-thumbnail","hentry","property_type-wohnung","property_feature-abstellraum","property_feature-aufzug","property_feature-balkon","property_feature-einbauschraenke","property_feature-in-strandnaehe","property_feature-klimaanlage","property_feature-voll-ausgestattete-kueche","property_label-neu","property_city-guardamar-del-segura"],"acf":[],"property_meta":{"_alp_processed":["1777114353"],"fave_property_price":["126000"],"fave_show_price_placeholder":["0"],"fave_property_bedrooms":["1"],"fave_property_year":["2000"],"fave_property_map":["1"],"fave_property_map_address":["Guardamar del Segura, Alicante"],"fave_property_location":["38.082247168917,-0.65202008432502,17"],"fave_property_map_street_view":["hide"],"fave_loggedintoview":["0"],"fave_agent_display_option":["author_info"],"fave_prop_homeslider":["no"],"fave_energy_class":["En Tr\u00e1mite"],"_thumbnail_id":["53933"],"_wpml_word_count":["361"],"_edit_lock":["1777114366:8"],"_last_translation_edit_mode":["native-editor"],"_edit_last":["8"],"fave_single_content_area":["global"],"_wpml_media_has_media":["1"],"houzez_manual_expire":["0"],"_houzez_expiration_date_status":["saved"],"houzez_featured_listing_date":["2026-04-25 12:52:33"],"houzez_geolocation_lat":["38.082247168917"],"houzez_geolocation_long":["-0.65202008432502"],"_yoast_wpseo_primary_property_type":["239"],"_yoast_wpseo_primary_property_status":[""],"_yoast_wpseo_primary_property_feature":["203"],"_yoast_wpseo_primary_property_label":["212"],"_yoast_wpseo_primary_property_state":[""],"_yoast_wpseo_primary_property_city":["389"],"_yoast_wpseo_primary_property_area":[""],"_yoast_wpseo_content_score":["60"],"_yoast_wpseo_estimated-reading-time-minutes":["2"],"houzez_total_property_views":["8"],"houzez_views_by_date":["a:2:{s:10:\"04-25-2026\";i:5;s:10:\"04-26-2026\";i:3;}"],"houzez_recently_viewed":["2026-04-26 13:14:50"],"_elementor_page_assets":["a:0:{}"],"fave_property_bathrooms":["1"],"fave_property_images":["53903","53904","53905","53906","53907","53908","53909","53910","53911","53912","53913","53914","53915","53916","53917","53918","53919","53920","53921","53922","53923","53924","53925","53926","53927","53928"],"fave_featured":["1"],"fave_single_top_area":["global"]},"yoast_head":"<!-- This site is optimized with the Yoast SEO plugin v27.4 - https:\/\/yoast.com\/product\/yoast-seo-wordpress\/ -->\n<title>IHRE OASE IN MEERESN\u00c4HE: HELLE WOHNUNG MIT TERRASSE IN GUARDAMAR - Ibisunset.com<\/title>\n<meta name=\"robots\" content=\"index, follow, max-snippet:-1, max-image-preview:large, max-video-preview:-1\" \/>\n<link rel=\"canonical\" href=\"https:\/\/ibisunset.com\/de\/property\/tu-refugio-cerca-del-mar-luminoso-apartamento-con-terraza-en-guardamar\/\" \/>\n<meta property=\"og:locale\" content=\"de_DE\" \/>\n<meta property=\"og:type\" content=\"article\" \/>\n<meta property=\"og:title\" content=\"IHRE OASE IN MEERESN\u00c4HE: HELLE WOHNUNG MIT TERRASSE IN GUARDAMAR - Ibisunset.com\" \/>\n<meta property=\"og:description\" content=\"Diese charmante und gepflegte 1-Zimmer-Wohnung eignet sich ideal sowohl als Feriendomizil als auch f\u00fcr das ganzj\u00e4hrige Wohnen und befindet sich nur 350 Meter vom Strand entfernt. Die Immobilie verf\u00fcgt \u00fcber 53 m\u00b2 bebaute Fl\u00e4che, die funktional und komfortabel aufgeteilt sind. Sie bietet ein gro\u00dfz\u00fcgiges und helles Wohn-Esszimmer mit direktem Zugang zu einer angenehmen, nach Osten [&hellip;]\" \/>\n<meta property=\"og:url\" content=\"https:\/\/ibisunset.com\/de\/property\/tu-refugio-cerca-del-mar-luminoso-apartamento-con-terraza-en-guardamar\/\" \/>\n<meta property=\"og:site_name\" content=\"Ibisunset.com\" \/>\n<meta property=\"article:modified_time\" content=\"2026-04-25T10:52:33+00:00\" \/>\n<meta property=\"og:image\" content=\"https:\/\/ibisunset.com\/wp-content\/uploads\/2026\/04\/1-4-1.jpg\" \/>\n\t<meta property=\"og:image:width\" content=\"1536\" \/>\n\t<meta property=\"og:image:height\" content=\"1024\" \/>\n\t<meta property=\"og:image:type\" content=\"image\/jpeg\" \/>\n<meta name=\"twitter:card\" content=\"summary_large_image\" \/>\n<meta name=\"twitter:label1\" content=\"Gesch\u00e4tzte Lesezeit\" \/>\n\t<meta name=\"twitter:data1\" content=\"2\u00a0Minuten\" \/>\n<script type=\"application\/ld+json\" class=\"yoast-schema-graph\">{\"@context\":\"https:\\\/\\\/schema.org\",\"@graph\":[{\"@type\":\"WebPage\",\"@id\":\"https:\\\/\\\/ibisunset.com\\\/de\\\/property\\\/tu-refugio-cerca-del-mar-luminoso-apartamento-con-terraza-en-guardamar\\\/\",\"url\":\"https:\\\/\\\/ibisunset.com\\\/de\\\/property\\\/tu-refugio-cerca-del-mar-luminoso-apartamento-con-terraza-en-guardamar\\\/\",\"name\":\"IHRE OASE IN MEERESN\u00c4HE: HELLE WOHNUNG MIT TERRASSE IN GUARDAMAR - Ibisunset.com\",\"isPartOf\":{\"@id\":\"https:\\\/\\\/ibisunset.com\\\/de\\\/#website\"},\"primaryImageOfPage\":{\"@id\":\"https:\\\/\\\/ibisunset.com\\\/de\\\/property\\\/tu-refugio-cerca-del-mar-luminoso-apartamento-con-terraza-en-guardamar\\\/#primaryimage\"},\"image\":{\"@id\":\"https:\\\/\\\/ibisunset.com\\\/de\\\/property\\\/tu-refugio-cerca-del-mar-luminoso-apartamento-con-terraza-en-guardamar\\\/#primaryimage\"},\"thumbnailUrl\":\"https:\\\/\\\/ibisunset.com\\\/wp-content\\\/uploads\\\/2026\\\/04\\\/1-4-1.jpg\",\"datePublished\":\"2026-04-24T14:27:50+00:00\",\"dateModified\":\"2026-04-25T10:52:33+00:00\",\"breadcrumb\":{\"@id\":\"https:\\\/\\\/ibisunset.com\\\/de\\\/property\\\/tu-refugio-cerca-del-mar-luminoso-apartamento-con-terraza-en-guardamar\\\/#breadcrumb\"},\"inLanguage\":\"de\",\"potentialAction\":[{\"@type\":\"ReadAction\",\"target\":[\"https:\\\/\\\/ibisunset.com\\\/de\\\/property\\\/tu-refugio-cerca-del-mar-luminoso-apartamento-con-terraza-en-guardamar\\\/\"]}]},{\"@type\":\"ImageObject\",\"inLanguage\":\"de\",\"@id\":\"https:\\\/\\\/ibisunset.com\\\/de\\\/property\\\/tu-refugio-cerca-del-mar-luminoso-apartamento-con-terraza-en-guardamar\\\/#primaryimage\",\"url\":\"https:\\\/\\\/ibisunset.com\\\/wp-content\\\/uploads\\\/2026\\\/04\\\/1-4-1.jpg\",\"contentUrl\":\"https:\\\/\\\/ibisunset.com\\\/wp-content\\\/uploads\\\/2026\\\/04\\\/1-4-1.jpg\",\"width\":1536,\"height\":1024},{\"@type\":\"BreadcrumbList\",\"@id\":\"https:\\\/\\\/ibisunset.com\\\/de\\\/property\\\/tu-refugio-cerca-del-mar-luminoso-apartamento-con-terraza-en-guardamar\\\/#breadcrumb\",\"itemListElement\":[{\"@type\":\"ListItem\",\"position\":1,\"name\":\"Portada\",\"item\":\"https:\\\/\\\/ibisunset.com\\\/de\\\/\"},{\"@type\":\"ListItem\",\"position\":2,\"name\":\"Eigenschaften\",\"item\":\"https:\\\/\\\/ibisunset.com\\\/de\\\/property\\\/\"},{\"@type\":\"ListItem\",\"position\":3,\"name\":\"IHRE OASE IN MEERESN\u00c4HE: HELLE WOHNUNG MIT TERRASSE IN GUARDAMAR\"}]},{\"@type\":\"WebSite\",\"@id\":\"https:\\\/\\\/ibisunset.com\\\/de\\\/#website\",\"url\":\"https:\\\/\\\/ibisunset.com\\\/de\\\/\",\"name\":\"ibisunset.com\",\"description\":\"Island Homes\",\"publisher\":{\"@id\":\"https:\\\/\\\/ibisunset.com\\\/de\\\/#organization\"},\"potentialAction\":[{\"@type\":\"SearchAction\",\"target\":{\"@type\":\"EntryPoint\",\"urlTemplate\":\"https:\\\/\\\/ibisunset.com\\\/de\\\/?s={search_term_string}\"},\"query-input\":{\"@type\":\"PropertyValueSpecification\",\"valueRequired\":true,\"valueName\":\"search_term_string\"}}],\"inLanguage\":\"de\"},{\"@type\":\"Organization\",\"@id\":\"https:\\\/\\\/ibisunset.com\\\/de\\\/#organization\",\"name\":\"MFT Blanch Brokerage\",\"url\":\"https:\\\/\\\/ibisunset.com\\\/de\\\/\",\"logo\":{\"@type\":\"ImageObject\",\"inLanguage\":\"de\",\"@id\":\"https:\\\/\\\/ibisunset.com\\\/de\\\/#\\\/schema\\\/logo\\\/image\\\/\",\"url\":\"https:\\\/\\\/ibisunset.com\\\/wp-content\\\/uploads\\\/2024\\\/09\\\/4_.png\",\"contentUrl\":\"https:\\\/\\\/ibisunset.com\\\/wp-content\\\/uploads\\\/2024\\\/09\\\/4_.png\",\"width\":394,\"height\":35,\"caption\":\"MFT Blanch Brokerage\"},\"image\":{\"@id\":\"https:\\\/\\\/ibisunset.com\\\/de\\\/#\\\/schema\\\/logo\\\/image\\\/\"}}]}<\/script>\n<!-- \/ Yoast SEO plugin. -->","yoast_head_json":{"title":"IHRE OASE IN MEERESN\u00c4HE: HELLE WOHNUNG MIT TERRASSE IN GUARDAMAR - Ibisunset.com","robots":{"index":"index","follow":"follow","max-snippet":"max-snippet:-1","max-image-preview":"max-image-preview:large","max-video-preview":"max-video-preview:-1"},"canonical":"https:\/\/ibisunset.com\/de\/property\/tu-refugio-cerca-del-mar-luminoso-apartamento-con-terraza-en-guardamar\/","og_locale":"de_DE","og_type":"article","og_title":"IHRE OASE IN MEERESN\u00c4HE: HELLE WOHNUNG MIT TERRASSE IN GUARDAMAR - Ibisunset.com","og_description":"Diese charmante und gepflegte 1-Zimmer-Wohnung eignet sich ideal sowohl als Feriendomizil als auch f\u00fcr das ganzj\u00e4hrige Wohnen und befindet sich nur 350 Meter vom Strand entfernt. Die Immobilie verf\u00fcgt \u00fcber 53 m\u00b2 bebaute Fl\u00e4che, die funktional und komfortabel aufgeteilt sind. Sie bietet ein gro\u00dfz\u00fcgiges und helles Wohn-Esszimmer mit direktem Zugang zu einer angenehmen, nach Osten [&hellip;]","og_url":"https:\/\/ibisunset.com\/de\/property\/tu-refugio-cerca-del-mar-luminoso-apartamento-con-terraza-en-guardamar\/","og_site_name":"Ibisunset.com","article_modified_time":"2026-04-25T10:52:33+00:00","og_image":[{"width":1536,"height":1024,"url":"https:\/\/ibisunset.com\/wp-content\/uploads\/2026\/04\/1-4-1.jpg","type":"image\/jpeg"}],"twitter_card":"summary_large_image","twitter_misc":{"Gesch\u00e4tzte Lesezeit":"2\u00a0Minuten"},"schema":{"@context":"https:\/\/schema.org","@graph":[{"@type":"WebPage","@id":"https:\/\/ibisunset.com\/de\/property\/tu-refugio-cerca-del-mar-luminoso-apartamento-con-terraza-en-guardamar\/","url":"https:\/\/ibisunset.com\/de\/property\/tu-refugio-cerca-del-mar-luminoso-apartamento-con-terraza-en-guardamar\/","name":"IHRE OASE IN MEERESN\u00c4HE: HELLE WOHNUNG MIT TERRASSE IN GUARDAMAR - Ibisunset.com","isPartOf":{"@id":"https:\/\/ibisunset.com\/de\/#website"},"primaryImageOfPage":{"@id":"https:\/\/ibisunset.com\/de\/property\/tu-refugio-cerca-del-mar-luminoso-apartamento-con-terraza-en-guardamar\/#primaryimage"},"image":{"@id":"https:\/\/ibisunset.com\/de\/property\/tu-refugio-cerca-del-mar-luminoso-apartamento-con-terraza-en-guardamar\/#primaryimage"},"thumbnailUrl":"https:\/\/ibisunset.com\/wp-content\/uploads\/2026\/04\/1-4-1.jpg","datePublished":"2026-04-24T14:27:50+00:00","dateModified":"2026-04-25T10:52:33+00:00","breadcrumb":{"@id":"https:\/\/ibisunset.com\/de\/property\/tu-refugio-cerca-del-mar-luminoso-apartamento-con-terraza-en-guardamar\/#breadcrumb"},"inLanguage":"de","potentialAction":[{"@type":"ReadAction","target":["https:\/\/ibisunset.com\/de\/property\/tu-refugio-cerca-del-mar-luminoso-apartamento-con-terraza-en-guardamar\/"]}]},{"@type":"ImageObject","inLanguage":"de","@id":"https:\/\/ibisunset.com\/de\/property\/tu-refugio-cerca-del-mar-luminoso-apartamento-con-terraza-en-guardamar\/#primaryimage","url":"https:\/\/ibisunset.com\/wp-content\/uploads\/2026\/04\/1-4-1.jpg","contentUrl":"https:\/\/ibisunset.com\/wp-content\/uploads\/2026\/04\/1-4-1.jpg","width":1536,"height":1024},{"@type":"BreadcrumbList","@id":"https:\/\/ibisunset.com\/de\/property\/tu-refugio-cerca-del-mar-luminoso-apartamento-con-terraza-en-guardamar\/#breadcrumb","itemListElement":[{"@type":"ListItem","position":1,"name":"Portada","item":"https:\/\/ibisunset.com\/de\/"},{"@type":"ListItem","position":2,"name":"Eigenschaften","item":"https:\/\/ibisunset.com\/de\/property\/"},{"@type":"ListItem","position":3,"name":"IHRE OASE IN MEERESN\u00c4HE: HELLE WOHNUNG MIT TERRASSE IN GUARDAMAR"}]},{"@type":"WebSite","@id":"https:\/\/ibisunset.com\/de\/#website","url":"https:\/\/ibisunset.com\/de\/","name":"ibisunset.com","description":"Island Homes","publisher":{"@id":"https:\/\/ibisunset.com\/de\/#organization"},"potentialAction":[{"@type":"SearchAction","target":{"@type":"EntryPoint","urlTemplate":"https:\/\/ibisunset.com\/de\/?s={search_term_string}"},"query-input":{"@type":"PropertyValueSpecification","valueRequired":true,"valueName":"search_term_string"}}],"inLanguage":"de"},{"@type":"Organization","@id":"https:\/\/ibisunset.com\/de\/#organization","name":"MFT Blanch Brokerage","url":"https:\/\/ibisunset.com\/de\/","logo":{"@type":"ImageObject","inLanguage":"de","@id":"https:\/\/ibisunset.com\/de\/#\/schema\/logo\/image\/","url":"https:\/\/ibisunset.com\/wp-content\/uploads\/2024\/09\/4_.png","contentUrl":"https:\/\/ibisunset.com\/wp-content\/uploads\/2024\/09\/4_.png","width":394,"height":35,"caption":"MFT Blanch Brokerage"},"image":{"@id":"https:\/\/ibisunset.com\/de\/#\/schema\/logo\/image\/"}}]}},"_links":{"self":[{"href":"https:\/\/ibisunset.com\/de\/wp-json\/wp\/v2\/properties\/53932","targetHints":{"allow":["GET"]}}],"collection":[{"href":"https:\/\/ibisunset.com\/de\/wp-json\/wp\/v2\/properties"}],"about":[{"href":"https:\/\/ibisunset.com\/de\/wp-json\/wp\/v2\/types\/property"}],"author":[{"embeddable":true,"href":"https:\/\/ibisunset.com\/de\/wp-json\/wp\/v2\/users\/8"}],"version-history":[{"count":1,"href":"https:\/\/ibisunset.com\/de\/wp-json\/wp\/v2\/properties\/53932\/revisions"}],"predecessor-version":[{"id":53987,"href":"https:\/\/ibisunset.com\/de\/wp-json\/wp\/v2\/properties\/53932\/revisions\/53987"}],"wp:featuredmedia":[{"embeddable":true,"href":"https:\/\/ibisunset.com\/de\/wp-json\/wp\/v2\/media\/53933"}],"wp:attachment":[{"href":"https:\/\/ibisunset.com\/de\/wp-json\/wp\/v2\/media?parent=53932"}],"wp:term":[{"taxonomy":"property_type","embeddable":true,"href":"https:\/\/ibisunset.com\/de\/wp-json\/wp\/v2\/property_type?post=53932"},{"taxonomy":"property_status","embeddable":true,"href":"https:\/\/ibisunset.com\/de\/wp-json\/wp\/v2\/property_status?post=53932"},{"taxonomy":"property_feature","embeddable":true,"href":"https:\/\/ibisunset.com\/de\/wp-json\/wp\/v2\/property_feature?post=53932"},{"taxonomy":"property_label","embeddable":true,"href":"https:\/\/ibisunset.com\/de\/wp-json\/wp\/v2\/property_label?post=53932"},{"taxonomy":"property_state","embeddable":true,"href":"https:\/\/ibisunset.com\/de\/wp-json\/wp\/v2\/property_state?post=53932"},{"taxonomy":"property_city","embeddable":true,"href":"https:\/\/ibisunset.com\/de\/wp-json\/wp\/v2\/property_city?post=53932"},{"taxonomy":"property_area","embeddable":true,"href":"https:\/\/ibisunset.com\/de\/wp-json\/wp\/v2\/property_area?post=53932"}],"curies":[{"name":"wp","href":"https:\/\/api.w.org\/{rel}","templated":true}]}}